{"id":13436,"date":"2025-11-27T15:55:48","date_gmt":"2025-11-27T15:55:48","guid":{"rendered":"https:\/\/baq.com.co\/?page_id=13436"},"modified":"2025-11-28T23:39:59","modified_gmt":"2025-11-28T23:39:59","slug":"carnaval-de-barranquilla","status":"publish","type":"page","link":"https:\/\/baq.com.co\/es\/carnaval-de-barranquilla\/","title":{"rendered":"Carnaval de Barranquilla"},"content":{"rendered":"<div data-elementor-type=\"wp-page\" data-elementor-id=\"13436\" class=\"elementor elementor-13436\" data-elementor-post-type=\"page\">\n\t\t\t\t<div class=\"elementor-element elementor-element-4279e34 e-con-full e-flex e-con e-parent\" data-id=\"4279e34\" data-element_type=\"container\" data-e-type=\"container\" data-settings=\"{&quot;background_background&quot;:&quot;classic&quot;}\">\n\t\t<div class=\"elementor-element elementor-element-000f110 e-con-full e-flex e-con e-child\" data-id=\"000f110\" data-element_type=\"container\" data-e-type=\"container\">\n\t\t\t\t<div class=\"elementor-element elementor-element-989df73 elementor-widget__width-inherit elementor-widget elementor-widget-heading\" data-id=\"989df73\" data-element_type=\"widget\" data-e-type=\"widget\" data-widget_type=\"heading.default\">\n\t\t\t\t<div class=\"elementor-widget-container\">\n\t\t\t\t\t<h1 class=\"elementor-heading-title elementor-size-default\">Carnaval de Barranquilla<\/h1>\t\t\t\t<\/div>\n\t\t\t\t<\/div>\n\t\t\t\t<\/div>\n\t\t\t\t<\/div>\n\t\t<div class=\"elementor-element elementor-element-33072d4 e-con-full e-flex e-con e-parent\" data-id=\"33072d4\" data-element_type=\"container\" data-e-type=\"container\">\n\t\t<div class=\"elementor-element elementor-element-98fa27b e-con-full e-flex e-con e-child\" data-id=\"98fa27b\" data-element_type=\"container\" data-e-type=\"container\" data-settings=\"{&quot;sticky&quot;:&quot;top&quot;,&quot;sticky_offset&quot;:150,&quot;sticky_parent&quot;:&quot;yes&quot;,&quot;sticky_on&quot;:[&quot;desktop&quot;],&quot;sticky_effects_offset&quot;:0,&quot;sticky_anchor_link_offset&quot;:0}\">\n\t\t\t\t<div class=\"elementor-element elementor-element-f2ef9eb elementor-widget elementor-widget-heading\" data-id=\"f2ef9eb\" data-element_type=\"widget\" data-e-type=\"widget\" data-widget_type=\"heading.default\">\n\t\t\t\t<div class=\"elementor-widget-container\">\n\t\t\t\t\t<h2 class=\"elementor-heading-title elementor-size-default\">Carnaval de Barranquilla<\/h2>\t\t\t\t<\/div>\n\t\t\t\t<\/div>\n\t\t\t\t<div class=\"elementor-element elementor-element-8e8a3bc elementor-widget elementor-widget-text-editor\" data-id=\"8e8a3bc\" data-element_type=\"widget\" data-e-type=\"widget\" data-widget_type=\"text-editor.default\">\n\t\t\t\t<div class=\"elementor-widget-container\">\n\t\t\t\t\t\t\t\t\t<p data-path-to-node=\"9\">En <b>Barranquilla<\/b>, el alma festiva de la <b>Caribe colombiano<\/b> \u00a1Florece en su m\u00e1xima expresi\u00f3n! <b>Carnaval de Barranquilla<\/b>, declarada Obra Maestra del Patrimonio Oral e Inmaterial de la Humanidad por la UNESCO, es una fiesta que trasciende fronteras. <b>Como consecuencia<\/b>, te invita a vivir una explosi\u00f3n inigualable de m\u00fasica, danza y folclore.<\/p><p data-path-to-node=\"9\">\u00a0<\/p><h3>La Noche del R\u00edo (Jueves)<\/h3><p data-path-to-node=\"2\"><b>La noche del r\u00edo 2026<\/b> llega cargado con el inconfundible ritmo del tambor, las voces ancestrales de la <b>Caribe colombiano<\/b> cantantes femeninas (<b>cantadoras<\/b>), y una letra que emociona a todos los asistentes.<\/p><p data-path-to-node=\"3\">En su edici\u00f3n n\u00famero 20, esta noche ser\u00e1 un homenaje a los grandes legados musicales del <b>caribe<\/b>, Destacando la fuerza, el arte y la resistencia cultural de los pueblos ribere\u00f1os. Una celebraci\u00f3n del patrimonio vivo que se canta, se baila y se siente con el alma.<\/p><p data-path-to-node=\"4\">El <b>La noche del r\u00edo<\/b> se inaugurar\u00e1 oficialmente el <b>Carnaval de Barranquilla 2026<\/b>, exaltando la tradici\u00f3n musical que realza su esencia y conecta generaciones a trav\u00e9s del tambor.<\/p><p data-path-to-node=\"4\">\u00a0<\/p><h3 data-path-to-node=\"4\"><b>Coronaci\u00f3n de la Reina del Carnaval (viernes por la noche)<\/b><\/h3><p data-path-to-node=\"4\">El <b>Coronaci\u00f3n de la Reina del Carnaval<\/b> es, sin duda, el evento m\u00e1s esperado y glamoroso de las festividades, marcando oficialmente el preludio del gran fin de semana de fiesta en <b>Barranquilla<\/b>. Esto no es s\u00f3lo una ceremonia; es una <b>espect\u00e1culo musical y teatral de clase mundial<\/b>, con una producci\u00f3n monumental que celebra el liderazgo, la gracia y la alegr\u00eda de la Reina.<\/p><p data-path-to-node=\"5\">La noche m\u00e1gica se centra en una <b>puesta en escena espectacular<\/b> donde la Reina, junto a su corte y a menudo acompa\u00f1ada por reconocidos artistas nacionales e internacionales, realiza una <b>coreograf\u00eda masiva<\/b> narrando la historia y las danzas tradicionales de la <b>Carnaval<\/b>. El evento es una fusi\u00f3n de tradici\u00f3n y modernidad, lleno de brillantez, disfraces deslumbrantes y el ritmo contagioso de la <b>Caribe colombiano<\/b>.<\/p><p data-path-to-node=\"6\">Presenciar la Coronaci\u00f3n es sumergirse en el coraz\u00f3n del folclore con un toque de sofisticaci\u00f3n. Es el momento culminante donde la realeza de la fiesta y el fervor popular se unen, prepar\u00e1ndose. <b>Barranquilla<\/b> para recibir el <b>Batalla de flores<\/b> y los d\u00edas m\u00e1s intensos de celebraci\u00f3n.<\/p><p data-path-to-node=\"6\">\u00a0<\/p><h3><b>La Gran Inauguraci\u00f3n: Batalla de Flores (S\u00e1bado)<\/b><\/h3><p data-path-to-node=\"11\">Los cuatro d\u00edas previos al Mi\u00e9rcoles de Ceniza ven la ciudad transformarse en un escenario vibrante. <b>Espec\u00edficamente<\/b>, la celebraci\u00f3n comienza oficialmente con el ic\u00f3nico <b>Batalla de Flores (Batalla de Flores)<\/b>. Este es un majestuoso desfile de carrozas coloridas, comparsas animadas y personajes ic\u00f3nicos, encabezados por la Reina del Carnaval. Este gran evento simboliza la alegr\u00eda y el triunfo de la vida sobre la muerte, marcando el inicio de una fiesta sin igual.<\/p><p data-path-to-node=\"11\">\u00a0<\/p><h3><b>Desfiles, m\u00fasica y fusi\u00f3n cultural<\/b><\/h3><p data-path-to-node=\"13\">El <b>Carnaval de Barranquilla<\/b> contin\u00faa con el <b>Gran Desfile de Tradici\u00f3n el domingo (Gran Parada de Tradici\u00f3n)<\/b> y el <b>Gran Desfile de Comparsas del lunes (Gran Parada de Comparsas)<\/b>. Aqu\u00ed, miles de bailarines de todo el pa\u00eds muestran sus elaborados trajes y bailes tradicionales.<\/p><p data-path-to-node=\"13\">\u00a0<\/p><h3><strong>\u00a1Baila la Calle 2026! La pista de baile al aire libre m\u00e1s grande del mundo<\/strong><\/h3><p data-path-to-node=\"3\">Sum\u00e9rgete en este evento \u00fanico donde la calle se transforma en un aut\u00e9ntico <b>Fiesta de baile caribe\u00f1a (verbena)<\/b>. Esta celebraci\u00f3n te trae dos escenarios llenos de m\u00fasica, sabor y energ\u00eda, donde locales y turistas bailan al ritmo de la <b>Carnaval<\/b>.<\/p><p data-path-to-node=\"3\">La m\u00fasica es el coraz\u00f3n del festival, con el legendario <b>Festival de Orquestas <\/b>\u00a0reuniendo a los mejores exponentes de la m\u00fasica caribe\u00f1a y colombiana en un solo escenario. Personajes como el <b>La reina, el rey Momo y la Marimonda<\/b> Encarnan una rica tradici\u00f3n que fusiona ra\u00edces ind\u00edgenas, africanas y europeas.<\/p><p data-path-to-node=\"4\">Elige tu escenario favorito, re\u00fane tus entradas de grupo (\u201ccombo\u201d) y prep\u00e1rate para vivir tres noches de pura alegr\u00eda (\u201cgozadera\u201d).<\/p><p data-path-to-node=\"5\"><i>\u00a1Quien lo vive es quien lo goza!<\/i> (\u00a1Quien lo vive es quien lo disfruta!)<\/p><h3><b>Horario y ubicaci\u00f3n<\/b><\/h3><table data-path-to-node=\"7\"><thead><tr><td><strong>Fecha<\/strong><\/td><td><strong>Evento<\/strong><\/td><\/tr><\/thead><tbody><tr><td><span data-path-to-node=\"7,1,0,0\"><b>Viernes 13 de febrero de 2026<\/b><\/span><\/td><td><span data-path-to-node=\"7,1,1,0\">Noche de Orquestas (<i>Noche de orquestas<\/i>)<\/span><\/td><\/tr><tr><td><span data-path-to-node=\"7,2,0,0\"><b>S\u00e1bado 14 de febrero de 2026<\/b><\/span><\/td><td><span data-path-to-node=\"7,2,1,0\">Noche de Orquestas (<i>Noche de orquestas<\/i>)<\/span><\/td><\/tr><tr><td><span data-path-to-node=\"7,3,0,0\"><b>Domingo 15 de febrero de 2026<\/b><\/span><\/td><td><span data-path-to-node=\"7,3,1,0\">Festival de Orquestas (<i>Festival de Orquestas<\/i>)<\/span><\/td><\/tr><\/tbody><\/table><h3>\u00a0<\/h3><h3>Carnaval de Barranquilla: una fiesta para todas las edades con un sinf\u00edn de eventos<\/h3><p data-path-to-node=\"4\">El <b>Carnaval de Barranquilla<\/b> es mucho m\u00e1s que sus d\u00edas centrales; es un festival masivo e integrado que dura semanas y presenta una programaci\u00f3n repleta de actividades. <b>eventos para todas las edades y gustos<\/b>. Esta celebraci\u00f3n se distingue por su esp\u00edritu democr\u00e1tico y gran escala, invitando a todos a participar de la alegr\u00eda.<\/p><p data-path-to-node=\"5\">El calendario oficial, gestionado por la <a href=\"https:\/\/carnavaldebarranquilla.org\/\"><b>Carnaval de Barranquilla SAS.<\/b><\/a>, incluye grandes espect\u00e1culos como el <b>Batalla de flores<\/b> y el <b>Grandes desfiles<\/b>. Sin embargo, la ciudad realmente rebosa de actividades adicionales organizadas por diferentes organizaciones culturales:<\/p><ul data-path-to-node=\"6\"><li><p data-path-to-node=\"6,0,0\"><b>Eventos diversos para todos:<\/b> El programa incluye de todo: desde grandes espect\u00e1culos al aire libre <b>conciertos<\/b> y <b>fiestas callejeras<\/b> a reuniones culturales, obras de teatro y espect\u00e1culos especializados. <b>desfiles y eventos infantiles<\/b>.<\/p><\/li><li><p data-path-to-node=\"6,1,0\"><b>Organizadores m\u00faltiples:<\/b> Estos eventos no est\u00e1n controlados centralmente. En cambio, son organizados por una amplia gama de entidades, desde la corporaci\u00f3n oficial del Carnaval y el gobierno local hasta <b>operadores tur\u00edsticos<\/b>, empresas privadas, grupos folcl\u00f3ricos y asociaciones de vecinos.<\/p><\/li><li><p data-path-to-node=\"6,2,0\"><b>Variedad infinita:<\/b> Esta organizaci\u00f3n descentralizada garantiza una <b>variedad infinita<\/b> de eventos, desde espect\u00e1culos formales con entrada hasta reuniones callejeras espont\u00e1neas y bailes (&quot;verbenas&quot;), lo que hace que <b>Carnaval de Barranquilla<\/b> La experiencia de festival m\u00e1s completa del mundo <b>Caribe colombiano<\/b> Para adultos y ni\u00f1os.<\/p><\/li><\/ul>\t\t\t\t\t\t\t\t<\/div>\n\t\t\t\t<\/div>\n\t\t\t\t<div class=\"elementor-element elementor-element-3d2e589 elementor-widget elementor-widget-image\" data-id=\"3d2e589\" data-element_type=\"widget\" data-e-type=\"widget\" data-widget_type=\"image.default\">\n\t\t\t\t<div class=\"elementor-widget-container\">\n\t\t\t\t\t\t\t\t\t\t\t\t\t\t\t<img fetchpriority=\"high\" decoding=\"async\" width=\"800\" height=\"402\" src=\"https:\/\/baq.com.co\/wp-content\/uploads\/2025\/11\/Rectangle-232-1024x514.jpg\" class=\"attachment-large size-large wp-image-13439\" alt=\"\" srcset=\"https:\/\/baq.com.co\/wp-content\/uploads\/2025\/11\/Rectangle-232-1024x514.jpg 1024w, https:\/\/baq.com.co\/wp-content\/uploads\/2025\/11\/Rectangle-232-300x151.jpg 300w, https:\/\/baq.com.co\/wp-content\/uploads\/2025\/11\/Rectangle-232-768x386.jpg 768w, https:\/\/baq.com.co\/wp-content\/uploads\/2025\/11\/Rectangle-232-18x9.jpg 18w, https:\/\/baq.com.co\/wp-content\/uploads\/2025\/11\/Rectangle-232.jpg 1177w\" sizes=\"(max-width: 800px) 100vw, 800px\" \/>\t\t\t\t\t\t\t\t\t\t\t\t\t\t\t<\/div>\n\t\t\t\t<\/div>\n\t\t\t\t<div class=\"elementor-element elementor-element-c01ee16 elementor-widget elementor-widget-text-editor\" data-id=\"c01ee16\" data-element_type=\"widget\" data-e-type=\"widget\" data-widget_type=\"text-editor.default\">\n\t\t\t\t<div class=\"elementor-widget-container\">\n\t\t\t\t\t\t\t\t\t<h3><b>Una aut\u00e9ntica experiencia caribe\u00f1a<\/b><\/h3><p>\u00a0<\/p><p data-path-to-node=\"15\"><b>Por lo tanto<\/b>, participando en el <b>Carnaval de Barranquilla<\/b> es sumergirse en la historia, la cultura y la alegr\u00eda desbordante de su gente. Es un <b>destino esencial<\/b> Para aquellos que quieren sentir el verdadero esp\u00edritu de la <b>Caribe colombiano<\/b> y s\u00e9 parte de una de las celebraciones m\u00e1s aut\u00e9nticas y memorables del mundo.<\/p>\t\t\t\t\t\t\t\t<\/div>\n\t\t\t\t<\/div>\n\t\t\t\t<\/div>\n\t\t<div class=\"elementor-element elementor-element-0bf3b0e e-con-full e-flex e-con e-child\" data-id=\"0bf3b0e\" data-element_type=\"container\" data-e-type=\"container\">\n\t\t\t\t<div class=\"elementor-element elementor-element-7df005f elementor-widget elementor-widget-image-carousel\" data-id=\"7df005f\" data-element_type=\"widget\" data-e-type=\"widget\" data-settings=\"{&quot;slides_to_show&quot;:&quot;1&quot;,&quot;effect&quot;:&quot;fade&quot;,&quot;navigation&quot;:&quot;none&quot;,&quot;autoplay&quot;:&quot;yes&quot;,&quot;pause_on_hover&quot;:&quot;yes&quot;,&quot;pause_on_interaction&quot;:&quot;yes&quot;,&quot;autoplay_speed&quot;:5000,&quot;infinite&quot;:&quot;yes&quot;,&quot;speed&quot;:500}\" data-widget_type=\"image-carousel.default\">\n\t\t\t\t<div class=\"elementor-widget-container\">\n\t\t\t\t\t\t\t<div class=\"elementor-image-carousel-wrapper swiper\" role=\"region\" aria-roledescription=\"carousel\" aria-label=\"Carrusel de im\u00e1genes\" dir=\"ltr\">\n\t\t\t<div class=\"elementor-image-carousel swiper-wrapper swiper-image-stretch\" aria-live=\"off\">\n\t\t\t\t\t\t\t\t<div class=\"swiper-slide\" role=\"group\" aria-roledescription=\"slide\" aria-label=\"1 de 1\" data-no-translation-aria-label=\"\"><figure class=\"swiper-slide-inner\"><img decoding=\"async\" class=\"swiper-slide-image\" src=\"https:\/\/baq.com.co\/wp-content\/uploads\/2025\/11\/Rectangle-665-1024x1024.jpg\" alt=\"Carnaval de Barranquilla\" \/><\/figure><\/div>\t\t\t<\/div>\n\t\t\t\t\t<\/div>\n\t\t\t\t\t\t<\/div>\n\t\t\t\t<\/div>\n\t\t<div class=\"elementor-element elementor-element-f3c4186 e-con-full e-flex e-con e-child\" data-id=\"f3c4186\" data-element_type=\"container\" data-e-type=\"container\" data-settings=\"{&quot;background_background&quot;:&quot;classic&quot;}\">\n\t\t\t\t<div class=\"elementor-element elementor-element-e5f9169 elementor-widget elementor-widget-icon-box\" data-id=\"e5f9169\" data-element_type=\"widget\" data-e-type=\"widget\" data-widget_type=\"icon-box.default\">\n\t\t\t\t<div class=\"elementor-widget-container\">\n\t\t\t\t\t\t\t<div class=\"elementor-icon-box-wrapper\">\n\n\t\t\t\n\t\t\t\t\t\t<div class=\"elementor-icon-box-content\">\n\n\t\t\t\t\t\t\t\t\t<h3 class=\"elementor-icon-box-title\">\n\t\t\t\t\t\t<span  >\n\t\t\t\t\t\t\tFECHA\t\t\t\t\t\t<\/span>\n\t\t\t\t\t<\/h3>\n\t\t\t\t\n\t\t\t\t\t\t\t\t\t<p class=\"elementor-icon-box-description\">\n\t\t\t\t\t\tDel 14 al 17 de febrero\t\t\t\t\t<\/p>\n\t\t\t\t\n\t\t\t<\/div>\n\t\t\t\n\t\t<\/div>\n\t\t\t\t\t\t<\/div>\n\t\t\t\t<\/div>\n\t\t\t\t<\/div>\n\t\t<div class=\"elementor-element elementor-element-4640281 e-con-full e-flex e-con e-child\" data-id=\"4640281\" data-element_type=\"container\" data-e-type=\"container\" data-settings=\"{&quot;background_background&quot;:&quot;classic&quot;}\">\n\t\t\t\t<div class=\"elementor-element elementor-element-72c8080 elementor-widget elementor-widget-icon-box\" data-id=\"72c8080\" data-element_type=\"widget\" data-e-type=\"widget\" data-widget_type=\"icon-box.default\">\n\t\t\t\t<div class=\"elementor-widget-container\">\n\t\t\t\t\t\t\t<div class=\"elementor-icon-box-wrapper\">\n\n\t\t\t\n\t\t\t\t\t\t<div class=\"elementor-icon-box-content\">\n\n\t\t\t\t\t\t\t\t\t<h3 class=\"elementor-icon-box-title\">\n\t\t\t\t\t\t<span  >\n\t\t\t\t\t\t\tCONTACTO\t\t\t\t\t\t<\/span>\n\t\t\t\t\t<\/h3>\n\t\t\t\t\n\t\t\t\t\n\t\t\t<\/div>\n\t\t\t\n\t\t<\/div>\n\t\t\t\t\t\t<\/div>\n\t\t\t\t<\/div>\n\t\t\t\t<div class=\"elementor-element elementor-element-56e2aac elementor-align-start elementor-icon-list--layout-traditional elementor-list-item-link-full_width elementor-widget elementor-widget-icon-list\" data-id=\"56e2aac\" data-element_type=\"widget\" data-e-type=\"widget\" data-widget_type=\"icon-list.default\">\n\t\t\t\t<div class=\"elementor-widget-container\">\n\t\t\t\t\t\t\t<ul class=\"elementor-icon-list-items\">\n\t\t\t\t\t\t\t<li class=\"elementor-icon-list-item\">\n\t\t\t\t\t\t\t\t\t\t\t<a href=\"https:\/\/web.tuboleta.com\/images\/Eventos\/Carnaval-de-barranquilla-2026\/home.html\">\n\n\t\t\t\t\t\t\t\t\t\t\t\t<span class=\"elementor-icon-list-icon\">\n\t\t\t\t\t\t\t<i aria-hidden=\"true\" class=\"fas fa-globe\"><\/i>\t\t\t\t\t\t<\/span>\n\t\t\t\t\t\t\t\t\t\t<span class=\"elementor-icon-list-text\">Entradas - Tu boleta<\/span>\n\t\t\t\t\t\t\t\t\t\t\t<\/a>\n\t\t\t\t\t\t\t\t\t<\/li>\n\t\t\t\t\t\t\t\t<li class=\"elementor-icon-list-item\">\n\t\t\t\t\t\t\t\t\t\t\t<a href=\"https:\/\/www.instagram.com\/carnavalbaq\/?hl=es\">\n\n\t\t\t\t\t\t\t\t\t\t\t\t<span class=\"elementor-icon-list-icon\">\n\t\t\t\t\t\t\t<svg xmlns=\"http:\/\/www.w3.org\/2000\/svg\" xmlns:xlink=\"http:\/\/www.w3.org\/1999\/xlink\" id=\"Calque_1\" data-name=\"Calque 1\" viewbox=\"0 0 16 16\" width=\"23\" height=\"23\"><defs><clippath id=\"clippath\"><circle cx=\"8\" cy=\"8\" r=\"7.9\" style=\"fill: none; stroke-width: 0px;\"><\/circle><\/clippath><radialgradient id=\"D&#xE9;grad&#xE9;_sans_nom_6\" data-name=\"D&#xE9;grad&#xE9; sans nom 6\" cx=\"159.04\" cy=\"-634.33\" fx=\"159.04\" fy=\"-634.33\" r=\".83\" gradienttransform=\"translate(3397.59 4848.83) rotate(164.25) scale(12.2 -8.79)\" gradientunits=\"userSpaceOnUse\"><stop offset=\"0\" stop-color=\"#ff005f\"><\/stop><stop offset=\"1\" stop-color=\"#fc01d8\"><\/stop><\/radialgradient><radialgradient id=\"D&#xE9;grad&#xE9;_sans_nom_5\" data-name=\"D&#xE9;grad&#xE9; sans nom 5\" cx=\"112.54\" cy=\"-519.67\" fx=\"112.54\" fy=\"-519.67\" r=\".83\" gradienttransform=\"translate(-8402.36 1733.04) rotate(-90) scale(15.25 -16.18)\" gradientunits=\"userSpaceOnUse\"><stop offset=\"0\" stop-color=\"#fc0\"><\/stop><stop offset=\".12\" stop-color=\"#fc0\"><\/stop><stop offset=\".57\" stop-color=\"#fe4a05\"><\/stop><stop offset=\".69\" stop-color=\"#ff0f3f\"><\/stop><stop offset=\"1\" stop-color=\"#fe0657\" stop-opacity=\"0\"><\/stop><\/radialgradient><radialgradient id=\"D&#xE9;grad&#xE9;_sans_nom_2\" data-name=\"D&#xE9;grad&#xE9; sans nom 2\" cx=\"160.15\" cy=\"-439.62\" fx=\"160.15\" fy=\"-439.62\" r=\"1.03\" gradienttransform=\"translate(-2913.5 -739.83) rotate(-59.87) scale(5.08 -6.61)\" gradientunits=\"userSpaceOnUse\"><stop offset=\"0\" stop-color=\"#fc0\"><\/stop><stop offset=\"1\" stop-color=\"#fc0\" stop-opacity=\"0\"><\/stop><\/radialgradient><radialgradient id=\"D&#xE9;grad&#xE9;_sans_nom_4\" data-name=\"D&#xE9;grad&#xE9; sans nom 4\" cx=\"49.86\" cy=\"43.61\" fx=\"49.86\" fy=\"43.61\" r=\"1.06\" gradienttransform=\"translate(416.36 -261.28) rotate(164.27) scale(9.42 -3.21)\" gradientunits=\"userSpaceOnUse\"><stop offset=\"0\" stop-color=\"#780cff\"><\/stop><stop offset=\"1\" stop-color=\"#820bff\" stop-opacity=\"0\"><\/stop><\/radialgradient><\/defs><g style=\"clip-path: url(&quot;#clippath&quot;);\"><g><path d=\"M8,.08c-3.3,0-4.26,0-4.45.02-.68.06-1.1.16-1.56.39-.35.18-.63.38-.91.66-.5.52-.81,1.16-.92,1.92-.05.37-.07.44-.07,2.33,0,.63,0,1.46,0,2.57,0,3.3,0,4.26.02,4.45.05.66.16,1.07.38,1.53.42.87,1.22,1.52,2.16,1.76.33.08.69.13,1.15.15.2,0,2.19.01,4.18.01s3.99,0,4.18-.01c.53-.03.85-.07,1.19-.16.95-.24,1.73-.89,2.16-1.77.21-.44.32-.87.37-1.5.01-.14.02-2.31.02-4.47s0-4.33-.02-4.47c-.05-.63-.16-1.06-.38-1.51-.18-.37-.38-.64-.68-.93-.52-.5-1.16-.8-1.92-.91-.37-.05-.44-.07-2.33-.07h-2.57Z\" style=\"\" fill=\"url(&quot;#D&#xE9;grad&#xE9;_sans_nom_6&quot;)\" stroke-width=\"0px\"><\/path><path d=\"M8,.08c-3.3,0-4.26,0-4.45.02-.68.06-1.1.16-1.56.39-.35.18-.63.38-.91.66-.5.52-.81,1.16-.92,1.92-.05.37-.07.44-.07,2.33,0,.63,0,1.46,0,2.57,0,3.3,0,4.26.02,4.45.05.66.16,1.07.38,1.53.42.87,1.22,1.52,2.16,1.76.33.08.69.13,1.15.15.2,0,2.19.01,4.18.01s3.99,0,4.18-.01c.53-.03.85-.07,1.19-.16.95-.24,1.73-.89,2.16-1.77.21-.44.32-.87.37-1.5.01-.14.02-2.31.02-4.47s0-4.33-.02-4.47c-.05-.63-.16-1.06-.38-1.51-.18-.37-.38-.64-.68-.93-.52-.5-1.16-.8-1.92-.91-.37-.05-.44-.07-2.33-.07h-2.57Z\" style=\"\" fill=\"url(&quot;#D&#xE9;grad&#xE9;_sans_nom_5&quot;)\" stroke-width=\"0px\"><\/path><path d=\"M8,.08c-3.3,0-4.26,0-4.45.02-.68.06-1.1.16-1.56.39-.35.18-.63.38-.91.66-.5.52-.81,1.16-.92,1.92-.05.37-.07.44-.07,2.33,0,.63,0,1.46,0,2.57,0,3.3,0,4.26.02,4.45.05.66.16,1.07.38,1.53.42.87,1.22,1.52,2.16,1.76.33.08.69.13,1.15.15.2,0,2.19.01,4.18.01s3.99,0,4.18-.01c.53-.03.85-.07,1.19-.16.95-.24,1.73-.89,2.16-1.77.21-.44.32-.87.37-1.5.01-.14.02-2.31.02-4.47s0-4.33-.02-4.47c-.05-.63-.16-1.06-.38-1.51-.18-.37-.38-.64-.68-.93-.52-.5-1.16-.8-1.92-.91-.37-.05-.44-.07-2.33-.07h-2.57Z\" style=\"\" fill=\"url(&quot;#D&#xE9;grad&#xE9;_sans_nom_2&quot;)\" stroke-width=\"0px\"><\/path><path d=\"M8,.08c-3.3,0-4.26,0-4.45.02-.68.06-1.1.16-1.56.39-.35.18-.63.38-.91.66-.5.52-.81,1.16-.92,1.92-.05.37-.07.44-.07,2.33,0,.63,0,1.46,0,2.57,0,3.3,0,4.26.02,4.45.05.66.16,1.07.38,1.53.42.87,1.22,1.52,2.16,1.76.33.08.69.13,1.15.15.2,0,2.19.01,4.18.01s3.99,0,4.18-.01c.53-.03.85-.07,1.19-.16.95-.24,1.73-.89,2.16-1.77.21-.44.32-.87.37-1.5.01-.14.02-2.31.02-4.47s0-4.33-.02-4.47c-.05-.63-.16-1.06-.38-1.51-.18-.37-.38-.64-.68-.93-.52-.5-1.16-.8-1.92-.91-.37-.05-.44-.07-2.33-.07h-2.57Z\" style=\"\" fill=\"url(&quot;#D&#xE9;grad&#xE9;_sans_nom_4&quot;)\" stroke-width=\"0px\"><\/path><\/g><\/g><path d=\"M8,4.77c1.05,0,1.17,0,1.59.02.25,0,.5.05.73.14.17.06.33.16.45.3.13.13.23.28.29.45.09.23.14.48.14.73.02.41.02.54.02,1.59s0,1.17-.02,1.59c0,.25-.05.5-.14.73-.06.17-.17.33-.3.46-.13.13-.29.23-.46.3-.23.09-.48.13-.73.14-.41,0-.54.02-1.59.02s-1.17,0-1.59-.02c-.25,0-.5-.05-.73-.14-.17-.07-.33-.17-.45-.3-.13-.13-.23-.28-.3-.45-.09-.24-.13-.48-.14-.73,0-.41-.02-.54-.02-1.59s0-1.17.02-1.59c0-.25.05-.5.14-.73.07-.17.17-.33.3-.46.13-.13.29-.23.46-.3.23-.09.48-.13.73-.14.41,0,.54-.02,1.59-.02M8,4.05c-1.07,0-1.2,0-1.62.02-.33,0-.65.07-.95.18-.26.1-.5.25-.7.46-.2.2-.36.43-.46.7-.12.31-.18.64-.19.97v3.24c0,.33.07.65.18.95.1.27.26.52.47.72.2.2.43.35.7.45.31.11.63.18.96.18.42.02.55.02,1.62.02s1.21,0,1.62-.02c.33,0,.65-.07.95-.18.26-.1.49-.25.69-.45.2-.2.35-.43.45-.69.11-.31.18-.63.18-.95.02-.42.02-.56.02-1.62s0-1.21-.02-1.62c0-.33-.07-.65-.18-.95-.1-.26-.25-.49-.45-.69-.2-.2-.43-.35-.69-.45-.3-.13-.63-.21-.96-.24h-1.62M8,5.97c-.4,0-.79.12-1.13.34-.33.22-.59.54-.75.91-.15.37-.19.78-.12,1.17.08.39.27.75.55,1.04.28.28.64.48,1.04.55.39.08.8.04,1.17-.12.37-.15.69-.41.91-.75.22-.33.34-.72.34-1.13,0-.54-.21-1.05-.59-1.43-.38-.38-.89-.59-1.43-.59ZM8,9.3c-.26,0-.51-.08-.73-.22s-.38-.35-.48-.59-.13-.5-.07-.76c.05-.25.18-.49.36-.67.18-.18.42-.31.67-.36.25-.05.52-.02.76.07s.44.27.59.48.22.47.22.73c0,.17-.03.34-.1.5-.07.16-.16.3-.28.43-.12.12-.27.22-.43.28-.16.07-.33.1-.5.1ZM10.57,5.88c0,.09-.03.18-.08.26-.05.08-.13.14-.21.17-.09.04-.18.05-.27.03-.09-.02-.18-.06-.24-.13-.07-.07-.11-.15-.13-.24-.02-.09,0-.19.03-.27.04-.09.1-.16.17-.21.08-.05.17-.08.26-.08.12,0,.24.05.33.14.09.09.14.21.14.33Z\" style=\"\" fill=\"#FFFFFF\" stroke-width=\"0px\"><\/path><\/svg>\t\t\t\t\t\t<\/span>\n\t\t\t\t\t\t\t\t\t\t<span class=\"elementor-icon-list-text\">Carnaval de Barranquilla<\/span>\n\t\t\t\t\t\t\t\t\t\t\t<\/a>\n\t\t\t\t\t\t\t\t\t<\/li>\n\t\t\t\t\t\t\t\t<li class=\"elementor-icon-list-item\">\n\t\t\t\t\t\t\t\t\t\t\t<a href=\"https:\/\/carnavaldebarranquilla.org\/\">\n\n\t\t\t\t\t\t\t\t\t\t\t\t<span class=\"elementor-icon-list-icon\">\n\t\t\t\t\t\t\t<i aria-hidden=\"true\" class=\"fas fa-icons\"><\/i>\t\t\t\t\t\t<\/span>\n\t\t\t\t\t\t\t\t\t\t<span class=\"elementor-icon-list-text\">Sitio oficial del Carnaval<\/span>\n\t\t\t\t\t\t\t\t\t\t\t<\/a>\n\t\t\t\t\t\t\t\t\t<\/li>\n\t\t\t\t\t\t<\/ul>\n\t\t\t\t\t\t<\/div>\n\t\t\t\t<\/div>\n\t\t\t\t<\/div>\n\t\t\t\t<\/div>\n\t\t\t\t<\/div>\n\t\t<div class=\"elementor-element elementor-element-14d0613 e-con-full e-flex e-con e-parent\" data-id=\"14d0613\" data-element_type=\"container\" data-e-type=\"container\" data-settings=\"{&quot;background_motion_fx_translateX_effect&quot;:&quot;yes&quot;,&quot;background_motion_fx_translateX_direction&quot;:&quot;negative&quot;,&quot;background_motion_fx_translateX_speed&quot;:{&quot;unit&quot;:&quot;px&quot;,&quot;size&quot;:10,&quot;sizes&quot;:[]},&quot;background_motion_fx_translateX_affectedRange&quot;:{&quot;unit&quot;:&quot;%&quot;,&quot;size&quot;:&quot;&quot;,&quot;sizes&quot;:{&quot;start&quot;:9,&quot;end&quot;:98}},&quot;background_motion_fx_devices&quot;:[&quot;desktop&quot;,&quot;tablet&quot;,&quot;mobile&quot;]}\">\n\t\t\t\t<div class=\"elementor-element elementor-element-4bafe42 elementor-widget elementor-widget-heading\" data-id=\"4bafe42\" data-element_type=\"widget\" data-e-type=\"widget\" data-widget_type=\"heading.default\">\n\t\t\t\t<div class=\"elementor-widget-container\">\n\t\t\t\t\t<h2 class=\"elementor-heading-title elementor-size-default\">M\u00e1s sobre el Carnaval de Barranquilla<\/h2>\t\t\t\t<\/div>\n\t\t\t\t<\/div>\n\t\t\t\t<div class=\"elementor-element elementor-element-f873f5a elementor-widget elementor-widget-video\" data-id=\"f873f5a\" data-element_type=\"widget\" data-e-type=\"widget\" data-settings=\"{&quot;youtube_url&quot;:&quot;https:\\\/\\\/www.youtube.com\\\/watch?v=inGGMoh8Vmo&quot;,&quot;mute&quot;:&quot;yes&quot;,&quot;loop&quot;:&quot;yes&quot;,&quot;video_type&quot;:&quot;youtube&quot;,&quot;controls&quot;:&quot;yes&quot;}\" data-widget_type=\"video.default\">\n\t\t\t\t<div class=\"elementor-widget-container\">\n\t\t\t\t\t\t\t<div class=\"elementor-wrapper elementor-open-inline\">\n\t\t\t<div class=\"elementor-video\"><\/div>\t\t<\/div>\n\t\t\t\t\t\t<\/div>\n\t\t\t\t<\/div>\n\t\t\t\t<\/div>\n\t\t<div class=\"elementor-element elementor-element-be63bb5 e-con-full e-flex e-con e-parent\" data-id=\"be63bb5\" data-element_type=\"container\" data-e-type=\"container\">\n\t\t<div class=\"elementor-element elementor-element-77c12bb e-con-full e-flex e-con e-child\" data-id=\"77c12bb\" data-element_type=\"container\" data-e-type=\"container\" data-settings=\"{&quot;background_background&quot;:&quot;classic&quot;}\">\n\t\t\t\t<div class=\"elementor-element elementor-element-e8e6c12 elementor-widget__width-inherit elementor-widget elementor-widget-heading\" data-id=\"e8e6c12\" data-element_type=\"widget\" data-e-type=\"widget\" data-widget_type=\"heading.default\">\n\t\t\t\t<div class=\"elementor-widget-container\">\n\t\t\t\t\t<h2 class=\"elementor-heading-title elementor-size-default\">EL CARNAVAL COMIENZA EN<\/h2>\t\t\t\t<\/div>\n\t\t\t\t<\/div>\n\t\t\t\t<div class=\"elementor-element elementor-element-4616eae elementor-countdown--label-block elementor-widget elementor-widget-countdown\" data-id=\"4616eae\" data-element_type=\"widget\" data-e-type=\"widget\" data-widget_type=\"countdown.default\">\n\t\t\t\t<div class=\"elementor-widget-container\">\n\t\t\t\t\t\t\t<div class=\"elementor-countdown-wrapper\" data-date=\"1771052400\">\n\t\t\t<div class=\"elementor-countdown-item\"><span class=\"elementor-countdown-digits elementor-countdown-days\"><\/span> <span class=\"elementor-countdown-label\" data-no-translation=\"\" data-trp-gettext=\"\">D\u00edas<\/span><\/div><div class=\"elementor-countdown-item\"><span class=\"elementor-countdown-digits elementor-countdown-hours\"><\/span> <span class=\"elementor-countdown-label\" data-no-translation=\"\" data-trp-gettext=\"\">Horas<\/span><\/div><div class=\"elementor-countdown-item\"><span class=\"elementor-countdown-digits elementor-countdown-minutes\"><\/span> <span class=\"elementor-countdown-label\" data-no-translation=\"\" data-trp-gettext=\"\">Minutos<\/span><\/div><div class=\"elementor-countdown-item\"><span class=\"elementor-countdown-digits elementor-countdown-seconds\"><\/span> <span class=\"elementor-countdown-label\" data-no-translation=\"\" data-trp-gettext=\"\">Art\u00edculos de segunda clase<\/span><\/div>\t\t<\/div>\n\t\t\t\t\t\t<\/div>\n\t\t\t\t<\/div>\n\t\t\t\t<\/div>\n\t\t\t\t<\/div>\n\t\t<div class=\"elementor-element elementor-element-a09ba6f e-con-full e-flex e-con e-parent\" data-id=\"a09ba6f\" data-element_type=\"container\" data-e-type=\"container\">\n\t\t<div class=\"elementor-element elementor-element-f2e9bcd e-con-full e-flex e-con e-child\" data-id=\"f2e9bcd\" data-element_type=\"container\" data-e-type=\"container\" data-settings=\"{&quot;background_background&quot;:&quot;classic&quot;}\">\n\t\t<div class=\"elementor-element elementor-element-1031a28 e-con-full e-flex e-con e-child\" data-id=\"1031a28\" data-element_type=\"container\" data-e-type=\"container\">\n\t\t\t\t<div class=\"elementor-element elementor-element-0facd04 elementor-widget elementor-widget-heading\" data-id=\"0facd04\" data-element_type=\"widget\" data-e-type=\"widget\" data-widget_type=\"heading.default\">\n\t\t\t\t<div class=\"elementor-widget-container\">\n\t\t\t\t\t<h1 class=\"elementor-heading-title elementor-size-default\">Para m\u00e1s informaci\u00f3n sobre el Carnaval de Barranquilla, visita la web oficial.<\/h1>\t\t\t\t<\/div>\n\t\t\t\t<\/div>\n\t\t\t\t<div class=\"elementor-element elementor-element-43c67ed elementor-widget elementor-widget-button\" data-id=\"43c67ed\" data-element_type=\"widget\" data-e-type=\"widget\" data-widget_type=\"button.default\">\n\t\t\t\t<div class=\"elementor-widget-container\">\n\t\t\t\t\t\t\t\t\t<div class=\"elementor-button-wrapper\">\n\t\t\t\t\t<a class=\"elementor-button elementor-button-link elementor-size-sm\" href=\"https:\/\/carnavaldebarranquilla.org\/\" target=\"_blank\">\n\t\t\t\t\t\t<span class=\"elementor-button-content-wrapper\">\n\t\t\t\t\t\t\t\t\t<span class=\"elementor-button-text\">haga clic aqu\u00ed<\/span>\n\t\t\t\t\t<\/span>\n\t\t\t\t\t<\/a>\n\t\t\t\t<\/div>\n\t\t\t\t\t\t\t\t<\/div>\n\t\t\t\t<\/div>\n\t\t\t\t<\/div>\n\t\t<div class=\"elementor-element elementor-element-a218241 e-con-full e-flex e-con e-child\" data-id=\"a218241\" data-element_type=\"container\" data-e-type=\"container\">\n\t\t\t\t<div class=\"elementor-element elementor-element-cd8a52f elementor-hidden-desktop elementor-widget elementor-widget-image\" data-id=\"cd8a52f\" data-element_type=\"widget\" data-e-type=\"widget\" data-widget_type=\"image.default\">\n\t\t\t\t<div class=\"elementor-widget-container\">\n\t\t\t\t\t\t\t\t\t\t\t\t\t\t\t<img decoding=\"async\" width=\"580\" height=\"601\" src=\"https:\/\/baq.com.co\/wp-content\/uploads\/2025\/11\/Group-394982.png\" class=\"attachment-large size-large wp-image-13447\" alt=\"\" srcset=\"https:\/\/baq.com.co\/wp-content\/uploads\/2025\/11\/Group-394982.png 580w, https:\/\/baq.com.co\/wp-content\/uploads\/2025\/11\/Group-394982-290x300.png 290w, https:\/\/baq.com.co\/wp-content\/uploads\/2025\/11\/Group-394982-12x12.png 12w\" sizes=\"(max-width: 580px) 100vw, 580px\" \/>\t\t\t\t\t\t\t\t\t\t\t\t\t\t\t<\/div>\n\t\t\t\t<\/div>\n\t\t\t\t<\/div>\n\t\t\t\t<\/div>\n\t\t\t\t<\/div>\n\t\t\t\t<\/div>","protected":false},"excerpt":{"rendered":"<p>Dive into the Barranquilla Carnival, a UNESCO Masterpiece. Experience the Battle of Flowers, vibrant parades, live music, and the authentic festive soul of the Colombian Caribbean.<\/p>","protected":false},"author":1,"featured_media":0,"parent":0,"menu_order":0,"comment_status":"closed","ping_status":"closed","template":"","meta":{"_acf_changed":false,"footnotes":""},"class_list":["post-13436","page","type-page","status-publish","hentry"],"acf":[],"yoast_head":"<!-- This site is optimized with the Yoast SEO Premium plugin v25.7.1 (Yoast SEO v27.5) - https:\/\/yoast.com\/product\/yoast-seo-premium-wordpress\/ -->\n<title>Carnaval de Barranquilla - Destination Barranquilla<\/title>\n<meta name=\"robots\" content=\"index, follow, max-snippet:-1, max-image-preview:large, max-video-preview:-1\" \/>\n<link rel=\"canonical\" href=\"https:\/\/baq.com.co\/es\/carnaval-de-barranquilla\/\" \/>\n<meta property=\"og:locale\" content=\"es_ES\" \/>\n<meta property=\"og:type\" content=\"article\" \/>\n<meta property=\"og:title\" content=\"Carnaval de Barranquilla\" \/>\n<meta property=\"og:description\" content=\"Dive into the Barranquilla Carnival, a UNESCO Masterpiece. Experience the Battle of Flowers, vibrant parades, live music, and the authentic festive soul of the Colombian Caribbean.\" \/>\n<meta property=\"og:url\" content=\"https:\/\/baq.com.co\/es\/carnaval-de-barranquilla\/\" \/>\n<meta property=\"og:site_name\" content=\"Destination Barranquilla\" \/>\n<meta property=\"article:modified_time\" content=\"2025-11-28T23:39:59+00:00\" \/>\n<meta property=\"og:image\" content=\"https:\/\/baq.com.co\/wp-content\/uploads\/2025\/11\/Rectangle-232-1024x514.jpg\" \/>\n<meta name=\"twitter:card\" content=\"summary_large_image\" \/>\n<meta name=\"twitter:label1\" content=\"Tiempo de lectura\" \/>\n\t<meta name=\"twitter:data1\" content=\"10 minutos\" \/>\n<script type=\"application\/ld+json\" class=\"yoast-schema-graph\">{\"@context\":\"https:\\\/\\\/schema.org\",\"@graph\":[{\"@type\":\"WebPage\",\"@id\":\"https:\\\/\\\/baq.com.co\\\/es\\\/carnaval-de-barranquilla\\\/\",\"url\":\"https:\\\/\\\/baq.com.co\\\/es\\\/carnaval-de-barranquilla\\\/\",\"name\":\"Carnaval de Barranquilla - Destination Barranquilla\",\"isPartOf\":{\"@id\":\"https:\\\/\\\/baq.com.co\\\/#website\"},\"primaryImageOfPage\":{\"@id\":\"https:\\\/\\\/baq.com.co\\\/es\\\/carnaval-de-barranquilla\\\/#primaryimage\"},\"image\":{\"@id\":\"https:\\\/\\\/baq.com.co\\\/es\\\/carnaval-de-barranquilla\\\/#primaryimage\"},\"thumbnailUrl\":\"https:\\\/\\\/baq.com.co\\\/wp-content\\\/uploads\\\/2025\\\/11\\\/Rectangle-232-1024x514.jpg\",\"datePublished\":\"2025-11-27T15:55:48+00:00\",\"dateModified\":\"2025-11-28T23:39:59+00:00\",\"breadcrumb\":{\"@id\":\"https:\\\/\\\/baq.com.co\\\/es\\\/carnaval-de-barranquilla\\\/#breadcrumb\"},\"inLanguage\":\"es-CO\",\"potentialAction\":[{\"@type\":\"ReadAction\",\"target\":[\"https:\\\/\\\/baq.com.co\\\/es\\\/carnaval-de-barranquilla\\\/\"]}]},{\"@type\":\"ImageObject\",\"inLanguage\":\"es-CO\",\"@id\":\"https:\\\/\\\/baq.com.co\\\/es\\\/carnaval-de-barranquilla\\\/#primaryimage\",\"url\":\"https:\\\/\\\/baq.com.co\\\/wp-content\\\/uploads\\\/2025\\\/11\\\/Rectangle-232-1024x514.jpg\",\"contentUrl\":\"https:\\\/\\\/baq.com.co\\\/wp-content\\\/uploads\\\/2025\\\/11\\\/Rectangle-232-1024x514.jpg\"},{\"@type\":\"BreadcrumbList\",\"@id\":\"https:\\\/\\\/baq.com.co\\\/es\\\/carnaval-de-barranquilla\\\/#breadcrumb\",\"itemListElement\":[{\"@type\":\"ListItem\",\"position\":1,\"name\":\"Home\",\"item\":\"https:\\\/\\\/baq.com.co\\\/\"},{\"@type\":\"ListItem\",\"position\":2,\"name\":\"Carnaval de Barranquilla\"}]},{\"@type\":\"WebSite\",\"@id\":\"https:\\\/\\\/baq.com.co\\\/#website\",\"url\":\"https:\\\/\\\/baq.com.co\\\/\",\"name\":\"BAQ\",\"description\":\"Capital Caribe\",\"publisher\":{\"@id\":\"https:\\\/\\\/baq.com.co\\\/#organization\"},\"potentialAction\":[{\"@type\":\"SearchAction\",\"target\":{\"@type\":\"EntryPoint\",\"urlTemplate\":\"https:\\\/\\\/baq.com.co\\\/?s={search_term_string}\"},\"query-input\":{\"@type\":\"PropertyValueSpecification\",\"valueRequired\":true,\"valueName\":\"search_term_string\"}}],\"inLanguage\":\"es-CO\"},{\"@type\":\"Organization\",\"@id\":\"https:\\\/\\\/baq.com.co\\\/#organization\",\"name\":\"BAQ\",\"url\":\"https:\\\/\\\/baq.com.co\\\/\",\"logo\":{\"@type\":\"ImageObject\",\"inLanguage\":\"es-CO\",\"@id\":\"https:\\\/\\\/baq.com.co\\\/#\\\/schema\\\/logo\\\/image\\\/\",\"url\":\"https:\\\/\\\/baq.com.co\\\/wp-content\\\/uploads\\\/2025\\\/05\\\/Logo-3.svg\",\"contentUrl\":\"https:\\\/\\\/baq.com.co\\\/wp-content\\\/uploads\\\/2025\\\/05\\\/Logo-3.svg\",\"width\":401,\"height\":70,\"caption\":\"BAQ\"},\"image\":{\"@id\":\"https:\\\/\\\/baq.com.co\\\/#\\\/schema\\\/logo\\\/image\\\/\"},\"sameAs\":[\"https:\\\/\\\/www.instagram.com\\\/destination.barranquilla\"],\"description\":\"Atractivos, experiencias, eventos y negocios tur\u00edsticos en Barranquilla - Atl\u00e1ntico - Colombia. Cl\u00faster Turismo C\u00e1mara de Comercio de Barranquilla.\"}]}<\/script>\n<!-- \/ Yoast SEO Premium plugin. -->","yoast_head_json":{"title":"Carnaval de Barranquilla - Destination Barranquilla","robots":{"index":"index","follow":"follow","max-snippet":"max-snippet:-1","max-image-preview":"max-image-preview:large","max-video-preview":"max-video-preview:-1"},"canonical":"https:\/\/baq.com.co\/es\/carnaval-de-barranquilla\/","og_locale":"es_ES","og_type":"article","og_title":"Carnaval de Barranquilla","og_description":"Dive into the Barranquilla Carnival, a UNESCO Masterpiece. Experience the Battle of Flowers, vibrant parades, live music, and the authentic festive soul of the Colombian Caribbean.","og_url":"https:\/\/baq.com.co\/es\/carnaval-de-barranquilla\/","og_site_name":"Destination Barranquilla","article_modified_time":"2025-11-28T23:39:59+00:00","og_image":[{"url":"https:\/\/baq.com.co\/wp-content\/uploads\/2025\/11\/Rectangle-232-1024x514.jpg","type":"","width":"","height":""}],"twitter_card":"summary_large_image","twitter_misc":{"Tiempo de lectura":"10 minutos"},"schema":{"@context":"https:\/\/schema.org","@graph":[{"@type":"WebPage","@id":"https:\/\/baq.com.co\/es\/carnaval-de-barranquilla\/","url":"https:\/\/baq.com.co\/es\/carnaval-de-barranquilla\/","name":"Carnaval de Barranquilla - Destination Barranquilla","isPartOf":{"@id":"https:\/\/baq.com.co\/#website"},"primaryImageOfPage":{"@id":"https:\/\/baq.com.co\/es\/carnaval-de-barranquilla\/#primaryimage"},"image":{"@id":"https:\/\/baq.com.co\/es\/carnaval-de-barranquilla\/#primaryimage"},"thumbnailUrl":"https:\/\/baq.com.co\/wp-content\/uploads\/2025\/11\/Rectangle-232-1024x514.jpg","datePublished":"2025-11-27T15:55:48+00:00","dateModified":"2025-11-28T23:39:59+00:00","breadcrumb":{"@id":"https:\/\/baq.com.co\/es\/carnaval-de-barranquilla\/#breadcrumb"},"inLanguage":"es-CO","potentialAction":[{"@type":"ReadAction","target":["https:\/\/baq.com.co\/es\/carnaval-de-barranquilla\/"]}]},{"@type":"ImageObject","inLanguage":"es-CO","@id":"https:\/\/baq.com.co\/es\/carnaval-de-barranquilla\/#primaryimage","url":"https:\/\/baq.com.co\/wp-content\/uploads\/2025\/11\/Rectangle-232-1024x514.jpg","contentUrl":"https:\/\/baq.com.co\/wp-content\/uploads\/2025\/11\/Rectangle-232-1024x514.jpg"},{"@type":"BreadcrumbList","@id":"https:\/\/baq.com.co\/es\/carnaval-de-barranquilla\/#breadcrumb","itemListElement":[{"@type":"ListItem","position":1,"name":"Home","item":"https:\/\/baq.com.co\/"},{"@type":"ListItem","position":2,"name":"Carnaval de Barranquilla"}]},{"@type":"WebSite","@id":"https:\/\/baq.com.co\/#website","url":"https:\/\/baq.com.co\/","name":"BAQ","description":"Capital Caribe","publisher":{"@id":"https:\/\/baq.com.co\/#organization"},"potentialAction":[{"@type":"SearchAction","target":{"@type":"EntryPoint","urlTemplate":"https:\/\/baq.com.co\/?s={search_term_string}"},"query-input":{"@type":"PropertyValueSpecification","valueRequired":true,"valueName":"search_term_string"}}],"inLanguage":"es-CO"},{"@type":"Organization","@id":"https:\/\/baq.com.co\/#organization","name":"BAQ","url":"https:\/\/baq.com.co\/","logo":{"@type":"ImageObject","inLanguage":"es-CO","@id":"https:\/\/baq.com.co\/#\/schema\/logo\/image\/","url":"https:\/\/baq.com.co\/wp-content\/uploads\/2025\/05\/Logo-3.svg","contentUrl":"https:\/\/baq.com.co\/wp-content\/uploads\/2025\/05\/Logo-3.svg","width":401,"height":70,"caption":"BAQ"},"image":{"@id":"https:\/\/baq.com.co\/#\/schema\/logo\/image\/"},"sameAs":["https:\/\/www.instagram.com\/destination.barranquilla"],"description":"Atractivos, experiencias, eventos y negocios tur\u00edsticos en Barranquilla - Atl\u00e1ntico - Colombia. Cl\u00faster Turismo C\u00e1mara de Comercio de Barranquilla."}]}},"_links":{"self":[{"href":"https:\/\/baq.com.co\/es\/wp-json\/wp\/v2\/pages\/13436","targetHints":{"allow":["GET"]}}],"collection":[{"href":"https:\/\/baq.com.co\/es\/wp-json\/wp\/v2\/pages"}],"about":[{"href":"https:\/\/baq.com.co\/es\/wp-json\/wp\/v2\/types\/page"}],"author":[{"embeddable":true,"href":"https:\/\/baq.com.co\/es\/wp-json\/wp\/v2\/users\/1"}],"replies":[{"embeddable":true,"href":"https:\/\/baq.com.co\/es\/wp-json\/wp\/v2\/comments?post=13436"}],"version-history":[{"count":35,"href":"https:\/\/baq.com.co\/es\/wp-json\/wp\/v2\/pages\/13436\/revisions"}],"predecessor-version":[{"id":13482,"href":"https:\/\/baq.com.co\/es\/wp-json\/wp\/v2\/pages\/13436\/revisions\/13482"}],"wp:attachment":[{"href":"https:\/\/baq.com.co\/es\/wp-json\/wp\/v2\/media?parent=13436"}],"curies":[{"name":"wp","href":"https:\/\/api.w.org\/{rel}","templated":true}]}}